{"id":2137,"date":"2023-08-19T21:04:39","date_gmt":"2023-08-20T00:04:39","guid":{"rendered":"https:\/\/impulsionarcarreiras.com.br\/?page_id=2137"},"modified":"2023-08-21T21:44:43","modified_gmt":"2023-08-22T00:44:43","slug":"redes-sociais-impulsione","status":"publish","type":"page","link":"https:\/\/impulsionarcarreiras.com.br\/index.php\/marketing-digital\/redes-sociais-impulsione\/","title":{"rendered":"Redes Sociais &#8211; Impulsione!"},"content":{"rendered":"\t\t<div data-elementor-type=\"wp-page\" data-elementor-id=\"2137\" class=\"elementor elementor-2137\">\n\t\t\t\t\t\t<section class=\"penci-section penci-dmcheck penci-elbg-activate penci-disSticky penci-structure-20 elementor-section elementor-top-section elementor-element elementor-element-5b52b350 elementor-section-content-middle elementor-section-boxed elementor-section-height-default elementor-section-height-default\" data-id=\"5b52b350\" data-element_type=\"section\" data-settings=\"{&quot;background_background&quot;:&quot;classic&quot;}\">\n\t\t\t\t\t\t<div class=\"elementor-container elementor-column-gap-extended\">\n\t\t\t\t\t<div class=\"penci-ercol-50 penci-ercol-order-1 penci-sticky-ct  penci-dmcheck penci-elbg-activate  elementor-column elementor-col-50 elementor-top-column elementor-element elementor-element-44986c8d\" data-id=\"44986c8d\" data-element_type=\"column\" data-settings=\"{&quot;background_background&quot;:&quot;classic&quot;}\">\n\t\t\t<div class=\"elementor-widget-wrap elementor-element-populated\">\n\t\t\t\t\t\t<div class=\"elementor-element elementor-element-5ae0eb04 elementor-widget elementor-widget-image\" data-id=\"5ae0eb04\" data-element_type=\"widget\" data-widget_type=\"image.default\">\n\t\t\t\t<div class=\"elementor-widget-container\">\n\t\t\t\t\t\t\t\t\t\t\t\t\t\t\t<img loading=\"lazy\" decoding=\"async\" width=\"500\" height=\"750\" src=\"https:\/\/impulsionarcarreiras.com.br\/wp-content\/uploads\/2023\/08\/redes-sociai.webp\" class=\"attachment-large size-large wp-image-2140\" alt=\"dicas para impulsionar suas redes sociais\" srcset=\"https:\/\/impulsionarcarreiras.com.br\/wp-content\/uploads\/2023\/08\/redes-sociai.webp 500w, https:\/\/impulsionarcarreiras.com.br\/wp-content\/uploads\/2023\/08\/redes-sociai-200x300.webp 200w\" sizes=\"(max-width: 500px) 100vw, 500px\" \/>\t\t\t\t\t\t\t\t\t\t\t\t\t\t\t<\/div>\n\t\t\t\t<\/div>\n\t\t\t\t\t<\/div>\n\t\t<\/div>\n\t\t\t\t<div class=\"penci-ercol-50 penci-ercol-order-2 penci-sticky-ct    elementor-column elementor-col-50 elementor-top-column elementor-element elementor-element-5c673afd\" data-id=\"5c673afd\" data-element_type=\"column\">\n\t\t\t<div class=\"elementor-widget-wrap elementor-element-populated\">\n\t\t\t\t\t\t<div class=\"elementor-element elementor-element-6e46a553 elementor-widget__width-initial elementor-widget elementor-widget-penci-fancy_heading\" data-id=\"6e46a553\" data-element_type=\"widget\" data-widget_type=\"penci-fancy_heading.default\">\n\t\t\t\t<div class=\"elementor-widget-container\">\n\t\t\t\t\t\t\t<div class=\"penci-fancy-heading penci-heading-text-left\">\r\n\t\t\t<div class=\"penci-fancy-heading-inner\">\r\n\t\t\t\t<div class=\"penci-heading-subtitle\">REDES SOCIAIS - DICAS<\/div><h4 class=\"penci-heading-title\"><span class=\"inner-tit\">INSTAGRAM, FACEBOOK, THREADS, TIK-TOK, TWITeer,  PINTEREST, META<\/span><\/h4><div class=\"penci-heading-content entry-content\"><p>No mundo atual altamente conectado, aprimorar sua presen\u00e7a nas <B>redes sociais<\/B> \u00e9 essencial para impulsionar sua carreira. As plataformas de m\u00eddia social n\u00e3o s\u00e3o apenas espa\u00e7os para compartilhar momentos pessoais, mas tamb\u00e9m ferramentas poderosas para construir sua marca profissional.<br \/>\nAo cultivar uma presen\u00e7a online s\u00f3lida, voc\u00ea pode estabelecer sua expertise, ampliar sua rede de contatos e conquistar novas oportunidades.<br \/>\nAqui apresentamos novidades e dicas quentes para <B>turbinar suas redes!<\/B><\/p>\n<\/div>\t\t\t<\/div>\r\n\t\t<\/div>\r\n\t\t\t\t\t\t<\/div>\n\t\t\t\t<\/div>\n\t\t\t\t\t<\/div>\n\t\t<\/div>\n\t\t\t\t\t<\/div>\n\t\t<\/section>\n\t\t<div class=\"elementor-element elementor-element-9c77bf0 e-flex e-con-boxed e-con e-parent\" data-id=\"9c77bf0\" data-element_type=\"container\">\n\t\t\t\t\t<div class=\"e-con-inner\">\n\t\t\t\t\t<\/div>\n\t\t\t\t<\/div>\n\t\t<div class=\"elementor-element elementor-element-92d9c99 e-flex e-con-boxed e-con e-parent\" data-id=\"92d9c99\" data-element_type=\"container\">\n\t\t\t\t\t<div class=\"e-con-inner\">\n\t\t\t\t<div class=\"elementor-element elementor-element-34775b2 elementor-widget elementor-widget-penci-featured-cat\" data-id=\"34775b2\" data-element_type=\"widget\" data-settings=\"{&quot;penci_row_gap&quot;:{&quot;unit&quot;:&quot;px&quot;,&quot;size&quot;:&quot;&quot;,&quot;sizes&quot;:[]}}\" data-widget_type=\"penci-featured-cat.default\">\n\t\t\t\t<div class=\"elementor-widget-container\">\n\t\t\t\t\t            <div id=\"pencifeatured_cat_9383\" class=\"penci-featured-cat-sc\">\r\n\t\t\t\t                    <section class=\"home-featured-cat mag-cat-style-8\">\r\n\t\t\t\t\t\t\t\t\t\t\t\t                            <div class=\"penci-border-arrow penci-homepage-title penci-magazine-title style-5 pcalign-left pciconp-right pcicon-right\">\r\n                                <h3 class=\"inner-arrow\">\r\n                                    <span>\r\n\t\t\t\t\t\t\t\t\tArtigos - Impulsione suas redes sociais!                                    <\/span>\r\n                                <\/h3>\r\n\t\t\t\t\t\t\t\t                            <\/div>\r\n\t\t\t\t\t\t                        <div class=\"home-featured-cat-wrapper\">\r\n                            <div class=\"home-featured-cat-content pwf-id-default style-8\">\r\n\t\t\t\t\t\t\t\t\t\t\t\t\t\t\t\t\t\t\t\t\t\t\t\t\t\t\t\t                                            <ul class=\"penci-grid penci-grid-maglayout penci-fea-cat-style-8\">\r\n\t\t\t\t\t\t\t\t\t\t\t\t\t\t\t\t\t\t\t\t\t\t\t\t<li class=\"list-post\">\r\n    <article id=\"post-2823\" class=\"item hentry\">\r\n\t\t            <div class=\"thumbnail\">\r\n\t\t\t\t\r\n\t\t\t\t                    <a class=\"penci-image-holder penci-lazy\"\r\n                       data-bgset=\"https:\/\/impulsionarcarreiras.com.br\/wp-content\/uploads\/2023\/09\/Concurso-nacional-unificado-585x390.jpg\"\r\n                       href=\"https:\/\/impulsionarcarreiras.com.br\/index.php\/2023\/09\/30\/concurso-nacional-unificado\/\"\r\n                       title=\"Concurso Nacional Unificado \u00e9 anunciado pelo governo\">\r\n                    <\/a>\r\n\t\t\t\t\r\n\t\t\t\t\t\t\t\t\t\t\t\t\t\t\t\t\t\t\t\t\t\t\t\t\t\t\t\t\t\t\t\t\t            <\/div>\r\n\t\t\r\n        <div class=\"content-list-right content-list-center\">\r\n            <div class=\"header-list-style\">\r\n\t\t\t\t                    <span class=\"cat\"><a style=\"\" class=\"penci-cat-name penci-cat-196\" href=\"https:\/\/impulsionarcarreiras.com.br\/index.php\/category\/carreiras\/\"  rel=\"category tag\"><span style=\"\">Carreiras<\/span><\/a><a style=\"\" class=\"penci-cat-name penci-cat-198\" href=\"https:\/\/impulsionarcarreiras.com.br\/index.php\/category\/carreiras\/servico-publico\/concurso-publico\/\"  rel=\"category tag\"><span style=\"\">Concurso P\u00fablico<\/span><\/a><a style=\"\" class=\"penci-cat-name penci-cat-2\" href=\"https:\/\/impulsionarcarreiras.com.br\/index.php\/category\/concursos\/\"  rel=\"category tag\"><span style=\"\">Concursos<\/span><\/a><a style=\"\" class=\"penci-cat-name penci-cat-102\" href=\"https:\/\/impulsionarcarreiras.com.br\/index.php\/category\/impulsione-sua-carreira\/\"  rel=\"category tag\"><span style=\"\">Impulso de Carreira<\/span><\/a><a style=\"\" class=\"penci-cat-name penci-cat-226\" href=\"https:\/\/impulsionarcarreiras.com.br\/index.php\/category\/carreiras\/servico-publico\/\"  rel=\"category tag\"><span style=\"\">Servi\u00e7o P\u00fablico<\/span><\/a><\/span>\r\n\t\t\t\t\r\n                <h2 class=\"grid-title entry-title\"><a\r\n                            href=\"https:\/\/impulsionarcarreiras.com.br\/index.php\/2023\/09\/30\/concurso-nacional-unificado\/\">Concurso Nacional Unificado \u00e9 anunciado pelo governo<\/a>\r\n                <\/h2>\r\n\r\n\t\t\t\t                    <div class=\"grid-post-box-meta\">\r\n\t\t\t\t\t\t\t\t\t\t\t\t                            <span class=\"featc-date\"><time class=\"entry-date published\" datetime=\"2023-09-30T15:57:04-03:00\">30 de September de 2023<\/time><\/span>\r\n\t\t\t\t\t\t\t\t\t\t\t\t\t\t\t\t\t\t\t\t\t\t\t\t\t\t\t\t\t\t                    <\/div>\r\n\t\t\t\t            <\/div>\r\n\r\n\t\t\t                <div class=\"item-content entry-content\">\r\n\t\t\t\t\t<p>Concurso Nacional Unificado (CNU) &#8211; grande oportunidade O Governo Federal anunciou, atrav\u00e9s da Ministra Esther Dweck, o Concurso Nacional Unificado (CNU). \u00c9 uma grande oportunidade &#8230;<\/p>\n                <\/div>\r\n\t\t\t\r\n        <\/div>\r\n\t\t\t\t<div class=\"penci-hide-tagupdated\">\n\t\t\t<span class=\"author-italic author vcard\">by \t\t\t\t\t\t\t\t\t\t<a class=\"author-url url fn n\"\n\t\t\t\t\t\t\t\t\t\t\thref=\"https:\/\/impulsionarcarreiras.com.br\/index.php\/author\/muriloribeiromkt\/\">muriloribeiromkt<\/a>\n\t\t\t\t\t\t\t\t\t<\/span>\n\t\t\t<time class=\"entry-date published\" datetime=\"2023-09-30T15:57:04-03:00\">30 de September de 2023<\/time>\t\t<\/div>\n\t\t\t    <\/article>\r\n<\/li>\r\n<li class=\"list-post\">\r\n    <article id=\"post-2368\" class=\"item hentry\">\r\n\t\t            <div class=\"thumbnail\">\r\n\t\t\t\t\r\n\t\t\t\t                    <a class=\"penci-image-holder penci-lazy\"\r\n                       data-bgset=\"https:\/\/impulsionarcarreiras.com.br\/wp-content\/uploads\/2023\/09\/concurso-pc-sp-5-585x390.jpg\"\r\n                       href=\"https:\/\/impulsionarcarreiras.com.br\/index.php\/2023\/09\/04\/concurso-pc-sp-2023\/\"\r\n                       title=\"Concurso PC SP 2023 &#8211; Edital Aberto!\">\r\n                    <\/a>\r\n\t\t\t\t\r\n\t\t\t\t\t\t\t\t\t\t\t\t\t\t\t\t\t\t\t\t\t\t\t\t\t\t\t\t\t\t\t\t\t            <\/div>\r\n\t\t\r\n        <div class=\"content-list-right content-list-center\">\r\n            <div class=\"header-list-style\">\r\n\t\t\t\t                    <span class=\"cat\"><a style=\"\" class=\"penci-cat-name penci-cat-198\" href=\"https:\/\/impulsionarcarreiras.com.br\/index.php\/category\/carreiras\/servico-publico\/concurso-publico\/\"  rel=\"category tag\"><span style=\"\">Concurso P\u00fablico<\/span><\/a><a style=\"\" class=\"penci-cat-name penci-cat-2\" href=\"https:\/\/impulsionarcarreiras.com.br\/index.php\/category\/concursos\/\"  rel=\"category tag\"><span style=\"\">Concursos<\/span><\/a><a style=\"\" class=\"penci-cat-name penci-cat-226\" href=\"https:\/\/impulsionarcarreiras.com.br\/index.php\/category\/carreiras\/servico-publico\/\"  rel=\"category tag\"><span style=\"\">Servi\u00e7o P\u00fablico<\/span><\/a><\/span>\r\n\t\t\t\t\r\n                <h2 class=\"grid-title entry-title\"><a\r\n                            href=\"https:\/\/impulsionarcarreiras.com.br\/index.php\/2023\/09\/04\/concurso-pc-sp-2023\/\">Concurso PC SP 2023 &#8211; Edital Aberto!<\/a>\r\n                <\/h2>\r\n\r\n\t\t\t\t                    <div class=\"grid-post-box-meta\">\r\n\t\t\t\t\t\t\t\t\t\t\t\t                            <span class=\"featc-date\"><time class=\"entry-date published\" datetime=\"2023-09-04T12:03:42-03:00\">4 de September de 2023<\/time><\/span>\r\n\t\t\t\t\t\t\t\t\t\t\t\t\t\t\t\t\t\t\t\t\t\t\t\t\t\t\t\t\t\t                    <\/div>\r\n\t\t\t\t            <\/div>\r\n\r\n\t\t\t                <div class=\"item-content entry-content\">\r\n\t\t\t\t\t<p>Concurso PC SP 2023 &#8211; Informa\u00e7\u00f5es Est\u00e1 aberto o edital para o concurso da PC SP 2023. O edital da\u00a0Pol\u00edcia Civil do Estado de S\u00e3o &#8230;<\/p>\n                <\/div>\r\n\t\t\t\r\n        <\/div>\r\n\t\t\t\t<div class=\"penci-hide-tagupdated\">\n\t\t\t<span class=\"author-italic author vcard\">by \t\t\t\t\t\t\t\t\t\t<a class=\"author-url url fn n\"\n\t\t\t\t\t\t\t\t\t\t\thref=\"https:\/\/impulsionarcarreiras.com.br\/index.php\/author\/muriloribeiromkt\/\">muriloribeiromkt<\/a>\n\t\t\t\t\t\t\t\t\t<\/span>\n\t\t\t<time class=\"entry-date published\" datetime=\"2023-09-04T12:03:42-03:00\">4 de September de 2023<\/time>\t\t<\/div>\n\t\t\t    <\/article>\r\n<\/li>\r\n<li class=\"list-post\">\r\n    <article id=\"post-2012\" class=\"item hentry\">\r\n\t\t            <div class=\"thumbnail\">\r\n\t\t\t\t\r\n\t\t\t\t                    <a class=\"penci-image-holder penci-lazy\"\r\n                       data-bgset=\"https:\/\/impulsionarcarreiras.com.br\/wp-content\/uploads\/2023\/08\/prf-585x390.jpg\"\r\n                       href=\"https:\/\/impulsionarcarreiras.com.br\/index.php\/2023\/08\/19\/concurso-da-policia-rodoviaria-federal-em-breve\/\"\r\n                       title=\"Vagas solicitadas &#8211; concurso da Pol\u00edcia Rodovi\u00e1ria Federal possivelmente em breve!\">\r\n                    <\/a>\r\n\t\t\t\t\r\n\t\t\t\t\t\t\t\t\t\t\t\t\t\t\t\t\t\t\t\t\t\t\t\t\t\t\t\t\t\t\t\t\t            <\/div>\r\n\t\t\r\n        <div class=\"content-list-right content-list-center\">\r\n            <div class=\"header-list-style\">\r\n\t\t\t\t                    <span class=\"cat\"><a style=\"\" class=\"penci-cat-name penci-cat-198\" href=\"https:\/\/impulsionarcarreiras.com.br\/index.php\/category\/carreiras\/servico-publico\/concurso-publico\/\"  rel=\"category tag\"><span style=\"\">Concurso P\u00fablico<\/span><\/a><a style=\"\" class=\"penci-cat-name penci-cat-2\" href=\"https:\/\/impulsionarcarreiras.com.br\/index.php\/category\/concursos\/\"  rel=\"category tag\"><span style=\"\">Concursos<\/span><\/a><a style=\"\" class=\"penci-cat-name penci-cat-226\" href=\"https:\/\/impulsionarcarreiras.com.br\/index.php\/category\/carreiras\/servico-publico\/\"  rel=\"category tag\"><span style=\"\">Servi\u00e7o P\u00fablico<\/span><\/a><\/span>\r\n\t\t\t\t\r\n                <h2 class=\"grid-title entry-title\"><a\r\n                            href=\"https:\/\/impulsionarcarreiras.com.br\/index.php\/2023\/08\/19\/concurso-da-policia-rodoviaria-federal-em-breve\/\">Vagas solicitadas &#8211; concurso da Pol\u00edcia Rodovi\u00e1ria Federal possivelmente em breve!<\/a>\r\n                <\/h2>\r\n\r\n\t\t\t\t                    <div class=\"grid-post-box-meta\">\r\n\t\t\t\t\t\t\t\t\t\t\t\t                            <span class=\"featc-date\"><time class=\"entry-date published\" datetime=\"2023-08-19T14:08:24-03:00\">19 de August de 2023<\/time><\/span>\r\n\t\t\t\t\t\t\t\t\t\t\t\t\t\t\t\t\t\t\t\t\t\t\t\t\t\t\t\t\t\t                    <\/div>\r\n\t\t\t\t            <\/div>\r\n\r\n\t\t\t                <div class=\"item-content entry-content\">\r\n\t\t\t\t\t<p>Concurso da Pol\u00edcia Rodovi\u00e1ria Federal &#8211; PRF A Pol\u00edcia Rodovi\u00e1ria Federal solicitou autoriza\u00e7\u00e3o de concurso p\u00fablico com objetivo de repor o quadro de Policiais Rodovi\u00e1rios &#8230;<\/p>\n                <\/div>\r\n\t\t\t\r\n        <\/div>\r\n\t\t\t\t<div class=\"penci-hide-tagupdated\">\n\t\t\t<span class=\"author-italic author vcard\">by \t\t\t\t\t\t\t\t\t\t<a class=\"author-url url fn n\"\n\t\t\t\t\t\t\t\t\t\t\thref=\"https:\/\/impulsionarcarreiras.com.br\/index.php\/author\/muriloribeiromkt\/\">muriloribeiromkt<\/a>\n\t\t\t\t\t\t\t\t\t<\/span>\n\t\t\t<time class=\"entry-date published\" datetime=\"2023-08-19T14:08:24-03:00\">19 de August de 2023<\/time>\t\t<\/div>\n\t\t\t    <\/article>\r\n<\/li>\r\n<li class=\"list-post\">\r\n    <article id=\"post-1998\" class=\"item hentry\">\r\n\t\t            <div class=\"thumbnail\">\r\n\t\t\t\t\r\n\t\t\t\t                    <a class=\"penci-image-holder penci-lazy\"\r\n                       data-bgset=\"https:\/\/impulsionarcarreiras.com.br\/wp-content\/uploads\/2023\/08\/defensor-publico-mg-585x390.png\"\r\n                       href=\"https:\/\/impulsionarcarreiras.com.br\/index.php\/2023\/08\/18\/concurso-defensor-publico-mg\/\"\r\n                       title=\"Concurso para Defensor P\u00fablico de Minas Gerais &#8211; Edital Aberto\">\r\n                    <\/a>\r\n\t\t\t\t\r\n\t\t\t\t\t\t\t\t\t\t\t\t\t\t\t\t\t\t\t\t\t\t\t\t\t\t\t\t\t\t\t\t\t            <\/div>\r\n\t\t\r\n        <div class=\"content-list-right content-list-center\">\r\n            <div class=\"header-list-style\">\r\n\t\t\t\t                    <span class=\"cat\"><a style=\"\" class=\"penci-cat-name penci-cat-198\" href=\"https:\/\/impulsionarcarreiras.com.br\/index.php\/category\/carreiras\/servico-publico\/concurso-publico\/\"  rel=\"category tag\"><span style=\"\">Concurso P\u00fablico<\/span><\/a><a style=\"\" class=\"penci-cat-name penci-cat-2\" href=\"https:\/\/impulsionarcarreiras.com.br\/index.php\/category\/concursos\/\"  rel=\"category tag\"><span style=\"\">Concursos<\/span><\/a><a style=\"\" class=\"penci-cat-name penci-cat-226\" href=\"https:\/\/impulsionarcarreiras.com.br\/index.php\/category\/carreiras\/servico-publico\/\"  rel=\"category tag\"><span style=\"\">Servi\u00e7o P\u00fablico<\/span><\/a><\/span>\r\n\t\t\t\t\r\n                <h2 class=\"grid-title entry-title\"><a\r\n                            href=\"https:\/\/impulsionarcarreiras.com.br\/index.php\/2023\/08\/18\/concurso-defensor-publico-mg\/\">Concurso para Defensor P\u00fablico de Minas Gerais &#8211; Edital Aberto<\/a>\r\n                <\/h2>\r\n\r\n\t\t\t\t                    <div class=\"grid-post-box-meta\">\r\n\t\t\t\t\t\t\t\t\t\t\t\t                            <span class=\"featc-date\"><time class=\"entry-date published\" datetime=\"2023-08-18T14:32:28-03:00\">18 de August de 2023<\/time><\/span>\r\n\t\t\t\t\t\t\t\t\t\t\t\t\t\t\t\t\t\t\t\t\t\t\t\t\t\t\t\t\t\t                    <\/div>\r\n\t\t\t\t            <\/div>\r\n\r\n\t\t\t                <div class=\"item-content entry-content\">\r\n\t\t\t\t\t<p>Concurso para Defensor P\u00fablico de Minas Gerais Est\u00e1 aberto edital do concurso p\u00fablico para a Defensoria P\u00fablica-Geral do Estado de Minas Gerais (DPE &#8211; MG), &#8230;<\/p>\n                <\/div>\r\n\t\t\t\r\n        <\/div>\r\n\t\t\t\t<div class=\"penci-hide-tagupdated\">\n\t\t\t<span class=\"author-italic author vcard\">by \t\t\t\t\t\t\t\t\t\t<a class=\"author-url url fn n\"\n\t\t\t\t\t\t\t\t\t\t\thref=\"https:\/\/impulsionarcarreiras.com.br\/index.php\/author\/muriloribeiromkt\/\">muriloribeiromkt<\/a>\n\t\t\t\t\t\t\t\t\t<\/span>\n\t\t\t<time class=\"entry-date published\" datetime=\"2023-08-18T14:32:28-03:00\">18 de August de 2023<\/time>\t\t<\/div>\n\t\t\t    <\/article>\r\n<\/li>\r\n<li class=\"list-post\">\r\n    <article id=\"post-1977\" class=\"item hentry\">\r\n\t\t            <div class=\"thumbnail\">\r\n\t\t\t\t\r\n\t\t\t\t                    <a class=\"penci-image-holder penci-lazy\"\r\n                       data-bgset=\"https:\/\/impulsionarcarreiras.com.br\/wp-content\/uploads\/2023\/08\/defensoria-publica-MG-585x390.jpg\"\r\n                       href=\"https:\/\/impulsionarcarreiras.com.br\/index.php\/2023\/08\/18\/defensoria-publica-de-minas-gerais-abre-concurso-para-analista-e-tecnico\/\"\r\n                       title=\"Defensoria p\u00fablica de Minas Gerais abre concurso para Analista e T\u00e9cnico\">\r\n                    <\/a>\r\n\t\t\t\t\r\n\t\t\t\t\t\t\t\t\t\t\t\t\t\t\t\t\t\t\t\t\t\t\t\t\t\t\t\t\t\t\t\t\t            <\/div>\r\n\t\t\r\n        <div class=\"content-list-right content-list-center\">\r\n            <div class=\"header-list-style\">\r\n\t\t\t\t                    <span class=\"cat\"><a style=\"\" class=\"penci-cat-name penci-cat-198\" href=\"https:\/\/impulsionarcarreiras.com.br\/index.php\/category\/carreiras\/servico-publico\/concurso-publico\/\"  rel=\"category tag\"><span style=\"\">Concurso P\u00fablico<\/span><\/a><a style=\"\" class=\"penci-cat-name penci-cat-2\" href=\"https:\/\/impulsionarcarreiras.com.br\/index.php\/category\/concursos\/\"  rel=\"category tag\"><span style=\"\">Concursos<\/span><\/a><a style=\"\" class=\"penci-cat-name penci-cat-226\" href=\"https:\/\/impulsionarcarreiras.com.br\/index.php\/category\/carreiras\/servico-publico\/\"  rel=\"category tag\"><span style=\"\">Servi\u00e7o P\u00fablico<\/span><\/a><\/span>\r\n\t\t\t\t\r\n                <h2 class=\"grid-title entry-title\"><a\r\n                            href=\"https:\/\/impulsionarcarreiras.com.br\/index.php\/2023\/08\/18\/defensoria-publica-de-minas-gerais-abre-concurso-para-analista-e-tecnico\/\">Defensoria p\u00fablica de Minas Gerais abre concurso para Analista e T\u00e9cnico<\/a>\r\n                <\/h2>\r\n\r\n\t\t\t\t                    <div class=\"grid-post-box-meta\">\r\n\t\t\t\t\t\t\t\t\t\t\t\t                            <span class=\"featc-date\"><time class=\"entry-date published\" datetime=\"2023-08-18T10:46:48-03:00\">18 de August de 2023<\/time><\/span>\r\n\t\t\t\t\t\t\t\t\t\t\t\t\t\t\t\t\t\t\t\t\t\t\t\t\t\t\t\t\t\t                    <\/div>\r\n\t\t\t\t            <\/div>\r\n\r\n\t\t\t                <div class=\"item-content entry-content\">\r\n\t\t\t\t\t<p>Concurso p\u00fablico para a Defensoria P\u00fablica de Minas Gerais Est\u00e1 aberto o edital de concurso p\u00fablico para a Defensoria P\u00fablica de Minas Gerais (DPE &#8211; &#8230;<\/p>\n                <\/div>\r\n\t\t\t\r\n        <\/div>\r\n\t\t\t\t<div class=\"penci-hide-tagupdated\">\n\t\t\t<span class=\"author-italic author vcard\">by \t\t\t\t\t\t\t\t\t\t<a class=\"author-url url fn n\"\n\t\t\t\t\t\t\t\t\t\t\thref=\"https:\/\/impulsionarcarreiras.com.br\/index.php\/author\/muriloribeiromkt\/\">muriloribeiromkt<\/a>\n\t\t\t\t\t\t\t\t\t<\/span>\n\t\t\t<time class=\"entry-date published\" datetime=\"2023-08-18T10:46:48-03:00\">18 de August de 2023<\/time>\t\t<\/div>\n\t\t\t    <\/article>\r\n<\/li>\r\n<li class=\"list-post\">\r\n    <article id=\"post-1873\" class=\"item hentry\">\r\n\t\t            <div class=\"thumbnail\">\r\n\t\t\t\t\r\n\t\t\t\t                    <a class=\"penci-image-holder penci-lazy\"\r\n                       data-bgset=\"https:\/\/impulsionarcarreiras.com.br\/wp-content\/uploads\/2023\/08\/confianca-585x390.webp\"\r\n                       href=\"https:\/\/impulsionarcarreiras.com.br\/index.php\/2023\/08\/16\/preparacao-para-concursos\/\"\r\n                       title=\"Dicas para desenvolver confian\u00e7a e mentalidade vencedora na prepara\u00e7\u00e3o para concursos\">\r\n                    <\/a>\r\n\t\t\t\t\r\n\t\t\t\t\t\t\t\t\t\t\t\t\t\t\t\t\t\t\t\t\t\t\t\t\t\t\t\t\t\t\t\t\t            <\/div>\r\n\t\t\r\n        <div class=\"content-list-right content-list-center\">\r\n            <div class=\"header-list-style\">\r\n\t\t\t\t                    <span class=\"cat\"><a style=\"\" class=\"penci-cat-name penci-cat-198\" href=\"https:\/\/impulsionarcarreiras.com.br\/index.php\/category\/carreiras\/servico-publico\/concurso-publico\/\"  rel=\"category tag\"><span style=\"\">Concurso P\u00fablico<\/span><\/a><a style=\"\" class=\"penci-cat-name penci-cat-2\" href=\"https:\/\/impulsionarcarreiras.com.br\/index.php\/category\/concursos\/\"  rel=\"category tag\"><span style=\"\">Concursos<\/span><\/a><a style=\"\" class=\"penci-cat-name penci-cat-100\" href=\"https:\/\/impulsionarcarreiras.com.br\/index.php\/category\/dicas-rapidas\/\"  rel=\"category tag\"><span style=\"\">Dicas R\u00e1pidas<\/span><\/a><a style=\"\" class=\"penci-cat-name penci-cat-102\" href=\"https:\/\/impulsionarcarreiras.com.br\/index.php\/category\/impulsione-sua-carreira\/\"  rel=\"category tag\"><span style=\"\">Impulso de Carreira<\/span><\/a><\/span>\r\n\t\t\t\t\r\n                <h2 class=\"grid-title entry-title\"><a\r\n                            href=\"https:\/\/impulsionarcarreiras.com.br\/index.php\/2023\/08\/16\/preparacao-para-concursos\/\">Dicas para desenvolver confian\u00e7a e mentalidade vencedora na prepara\u00e7\u00e3o para concursos<\/a>\r\n                <\/h2>\r\n\r\n\t\t\t\t                    <div class=\"grid-post-box-meta\">\r\n\t\t\t\t\t\t\t\t\t\t\t\t                            <span class=\"featc-date\"><time class=\"entry-date published\" datetime=\"2023-08-16T19:13:30-03:00\">16 de August de 2023<\/time><\/span>\r\n\t\t\t\t\t\t\t\t\t\t\t\t\t\t\t\t\t\t\t\t\t\t\t\t\t\t\t\t\t\t                    <\/div>\r\n\t\t\t\t            <\/div>\r\n\r\n\t\t\t                <div class=\"item-content entry-content\">\r\n\t\t\t\t\t<p>Como desenvolver confian\u00e7a e mentalidade vencedora na prepara\u00e7\u00e3o para os concursos? Em uma jornada rumo ao sucesso nos concursos p\u00fablicos, o preparo vai muito al\u00e9m &#8230;<\/p>\n                <\/div>\r\n\t\t\t\r\n        <\/div>\r\n\t\t\t\t<div class=\"penci-hide-tagupdated\">\n\t\t\t<span class=\"author-italic author vcard\">by \t\t\t\t\t\t\t\t\t\t<a class=\"author-url url fn n\"\n\t\t\t\t\t\t\t\t\t\t\thref=\"https:\/\/impulsionarcarreiras.com.br\/index.php\/author\/muriloribeiromkt\/\">muriloribeiromkt<\/a>\n\t\t\t\t\t\t\t\t\t<\/span>\n\t\t\t<time class=\"entry-date published\" datetime=\"2023-08-16T19:13:30-03:00\">16 de August de 2023<\/time>\t\t<\/div>\n\t\t\t    <\/article>\r\n<\/li>\r\n<li class=\"list-post\">\r\n    <article id=\"post-1858\" class=\"item hentry\">\r\n\t\t            <div class=\"thumbnail\">\r\n\t\t\t\t\r\n\t\t\t\t                    <a class=\"penci-image-holder penci-lazy\"\r\n                       data-bgset=\"https:\/\/impulsionarcarreiras.com.br\/wp-content\/uploads\/2023\/08\/duvida-585x390.png\"\r\n                       href=\"https:\/\/impulsionarcarreiras.com.br\/index.php\/2023\/08\/16\/vale-a-pena-prestar-um-concurso-publico\/\"\r\n                       title=\"Vale a pena prestar um concurso p\u00fablico?\">\r\n                    <\/a>\r\n\t\t\t\t\r\n\t\t\t\t\t\t\t\t\t\t\t\t\t\t\t\t\t\t\t\t\t\t\t\t\t\t\t\t\t\t\t\t\t            <\/div>\r\n\t\t\r\n        <div class=\"content-list-right content-list-center\">\r\n            <div class=\"header-list-style\">\r\n\t\t\t\t                    <span class=\"cat\"><a style=\"\" class=\"penci-cat-name penci-cat-198\" href=\"https:\/\/impulsionarcarreiras.com.br\/index.php\/category\/carreiras\/servico-publico\/concurso-publico\/\"  rel=\"category tag\"><span style=\"\">Concurso P\u00fablico<\/span><\/a><a style=\"\" class=\"penci-cat-name penci-cat-2\" href=\"https:\/\/impulsionarcarreiras.com.br\/index.php\/category\/concursos\/\"  rel=\"category tag\"><span style=\"\">Concursos<\/span><\/a><a style=\"\" class=\"penci-cat-name penci-cat-100\" href=\"https:\/\/impulsionarcarreiras.com.br\/index.php\/category\/dicas-rapidas\/\"  rel=\"category tag\"><span style=\"\">Dicas R\u00e1pidas<\/span><\/a><a style=\"\" class=\"penci-cat-name penci-cat-102\" href=\"https:\/\/impulsionarcarreiras.com.br\/index.php\/category\/impulsione-sua-carreira\/\"  rel=\"category tag\"><span style=\"\">Impulso de Carreira<\/span><\/a><\/span>\r\n\t\t\t\t\r\n                <h2 class=\"grid-title entry-title\"><a\r\n                            href=\"https:\/\/impulsionarcarreiras.com.br\/index.php\/2023\/08\/16\/vale-a-pena-prestar-um-concurso-publico\/\">Vale a pena prestar um concurso p\u00fablico?<\/a>\r\n                <\/h2>\r\n\r\n\t\t\t\t                    <div class=\"grid-post-box-meta\">\r\n\t\t\t\t\t\t\t\t\t\t\t\t                            <span class=\"featc-date\"><time class=\"entry-date published\" datetime=\"2023-08-16T18:32:56-03:00\">16 de August de 2023<\/time><\/span>\r\n\t\t\t\t\t\t\t\t\t\t\t\t\t\t\t\t\t\t\t\t\t\t\t\t\t\t\t\t\t\t                    <\/div>\r\n\t\t\t\t            <\/div>\r\n\r\n\t\t\t                <div class=\"item-content entry-content\">\r\n\t\t\t\t\t<p>Vale a pena prestar um concurso p\u00fablico? Os concursos p\u00fablicos s\u00e3o uma das op\u00e7\u00f5es mais procuradas por quem busca estabilidade e realiza\u00e7\u00e3o profissional. S\u00e3o processos &#8230;<\/p>\n                <\/div>\r\n\t\t\t\r\n        <\/div>\r\n\t\t\t\t<div class=\"penci-hide-tagupdated\">\n\t\t\t<span class=\"author-italic author vcard\">by \t\t\t\t\t\t\t\t\t\t<a class=\"author-url url fn n\"\n\t\t\t\t\t\t\t\t\t\t\thref=\"https:\/\/impulsionarcarreiras.com.br\/index.php\/author\/muriloribeiromkt\/\">muriloribeiromkt<\/a>\n\t\t\t\t\t\t\t\t\t<\/span>\n\t\t\t<time class=\"entry-date published\" datetime=\"2023-08-16T18:32:56-03:00\">16 de August de 2023<\/time>\t\t<\/div>\n\t\t\t    <\/article>\r\n<\/li>\r\n<li class=\"list-post\">\r\n    <article id=\"post-1799\" class=\"item hentry\">\r\n\t\t            <div class=\"thumbnail\">\r\n\t\t\t\t\r\n\t\t\t\t                    <a class=\"penci-image-holder penci-lazy\"\r\n                       data-bgset=\"https:\/\/impulsionarcarreiras.com.br\/wp-content\/uploads\/2023\/08\/estudoconcurso-585x390.jpeg\"\r\n                       href=\"https:\/\/impulsionarcarreiras.com.br\/index.php\/2023\/08\/16\/iniciar-preparacao-concurso-publico\/\"\r\n                       title=\"Como iniciar a prepara\u00e7\u00e3o para um concurso p\u00fablico\">\r\n                    <\/a>\r\n\t\t\t\t\r\n\t\t\t\t\t\t\t\t\t\t\t\t\t\t\t\t\t\t\t\t\t\t\t\t\t\t\t\t\t\t\t\t\t            <\/div>\r\n\t\t\r\n        <div class=\"content-list-right content-list-center\">\r\n            <div class=\"header-list-style\">\r\n\t\t\t\t                    <span class=\"cat\"><a style=\"\" class=\"penci-cat-name penci-cat-198\" href=\"https:\/\/impulsionarcarreiras.com.br\/index.php\/category\/carreiras\/servico-publico\/concurso-publico\/\"  rel=\"category tag\"><span style=\"\">Concurso P\u00fablico<\/span><\/a><a style=\"\" class=\"penci-cat-name penci-cat-2\" href=\"https:\/\/impulsionarcarreiras.com.br\/index.php\/category\/concursos\/\"  rel=\"category tag\"><span style=\"\">Concursos<\/span><\/a><a style=\"\" class=\"penci-cat-name penci-cat-100\" href=\"https:\/\/impulsionarcarreiras.com.br\/index.php\/category\/dicas-rapidas\/\"  rel=\"category tag\"><span style=\"\">Dicas R\u00e1pidas<\/span><\/a><a style=\"\" class=\"penci-cat-name penci-cat-102\" href=\"https:\/\/impulsionarcarreiras.com.br\/index.php\/category\/impulsione-sua-carreira\/\"  rel=\"category tag\"><span style=\"\">Impulso de Carreira<\/span><\/a><\/span>\r\n\t\t\t\t\r\n                <h2 class=\"grid-title entry-title\"><a\r\n                            href=\"https:\/\/impulsionarcarreiras.com.br\/index.php\/2023\/08\/16\/iniciar-preparacao-concurso-publico\/\">Como iniciar a prepara\u00e7\u00e3o para um concurso p\u00fablico<\/a>\r\n                <\/h2>\r\n\r\n\t\t\t\t                    <div class=\"grid-post-box-meta\">\r\n\t\t\t\t\t\t\t\t\t\t\t\t                            <span class=\"featc-date\"><time class=\"entry-date published\" datetime=\"2023-08-16T10:01:47-03:00\">16 de August de 2023<\/time><\/span>\r\n\t\t\t\t\t\t\t\t\t\t\t\t\t\t\t\t\t\t\t\t\t\t\t\t\t\t\t\t\t\t                    <\/div>\r\n\t\t\t\t            <\/div>\r\n\r\n\t\t\t                <div class=\"item-content entry-content\">\r\n\t\t\t\t\t<p>Como iniciar a prepara\u00e7\u00e3o para um concurso p\u00fablico? No artigo &#8220;Vale a pena prestar um concurso p\u00fablico?&#8221;, vimos que os concursos p\u00fablicos oferecem uma rota &#8230;<\/p>\n                <\/div>\r\n\t\t\t\r\n        <\/div>\r\n\t\t\t\t<div class=\"penci-hide-tagupdated\">\n\t\t\t<span class=\"author-italic author vcard\">by \t\t\t\t\t\t\t\t\t\t<a class=\"author-url url fn n\"\n\t\t\t\t\t\t\t\t\t\t\thref=\"https:\/\/impulsionarcarreiras.com.br\/index.php\/author\/muriloribeiromkt\/\">muriloribeiromkt<\/a>\n\t\t\t\t\t\t\t\t\t<\/span>\n\t\t\t<time class=\"entry-date published\" datetime=\"2023-08-16T10:01:47-03:00\">16 de August de 2023<\/time>\t\t<\/div>\n\t\t\t    <\/article>\r\n<\/li>\r\n\t\t\t\t\t\t\t\t\t\t\t\t                                            <\/ul>\r\n\t\t\t\t\t\t\t\t\t\t\t\t\t\t\t\t\t\t\t\t\t\t\t\t\t\t\t\t\t\t                            <\/div>\r\n\t\t\t\t\t\t\t\t\t\t\t\t\t\t\t\t\t\t\t\t\t\t\r\n\t\t\t\t\t\t\t\r\n                        <\/div>\r\n\r\n\t\t\t\t\t\t                <\/section>\r\n\t\t\t\r\n            <\/div><!-- penci-featured-cat-sc -->\r\n\t\t\t            <style>\r\n                            <\/style>\r\n\t\t\t\t\t\t\t<\/div>\n\t\t\t\t<\/div>\n\t\t\t\t<div class=\"elementor-element elementor-element-142546f elementor-widget-divider--view-line elementor-widget elementor-widget-divider\" data-id=\"142546f\" data-element_type=\"widget\" data-widget_type=\"divider.default\">\n\t\t\t\t<div class=\"elementor-widget-container\">\n\t\t\t\t\t\t\t<div class=\"elementor-divider\">\n\t\t\t<span class=\"elementor-divider-separator\">\n\t\t\t\t\t\t<\/span>\n\t\t<\/div>\n\t\t\t\t\t\t<\/div>\n\t\t\t\t<\/div>\n\t\t\t\t\t<\/div>\n\t\t\t\t<\/div>\n\t\t\t\t<\/div>\n\t\t","protected":false},"excerpt":{"rendered":"<p>REDES SOCIAIS &#8211; DICAS INSTAGRAM, FACEBOOK, THREADS, TIK-TOK, TWITeer, PINTEREST, META No mundo atual altamente&hellip;<\/p>\n","protected":false},"author":1,"featured_media":0,"parent":1886,"menu_order":0,"comment_status":"closed","ping_status":"closed","template":"","meta":{"content-type":"","footnotes":""},"yoast_head":"<!-- This site is optimized with the Yoast SEO plugin v21.2 - https:\/\/yoast.com\/wordpress\/plugins\/seo\/ -->\n<title>Redes Sociais - Impulsione! - Impulsionar Carreiras<\/title>\n<meta name=\"description\" content=\"O mundo digital est\u00e1 a todo vapor e novidades surgem a todo momento. Aqui voc\u00ea encontra dicas para impulsionar suas redes sociais.\" \/>\n<meta name=\"robots\" content=\"index, follow, max-snippet:-1, max-image-preview:large, max-video-preview:-1\" \/>\n<link rel=\"canonical\" href=\"https:\/\/impulsionarcarreiras.com.br\/index.php\/marketing-digital\/redes-sociais-impulsione\/\" \/>\n<meta property=\"og:locale\" content=\"en_US\" \/>\n<meta property=\"og:type\" content=\"article\" \/>\n<meta property=\"og:title\" content=\"Redes Sociais - Impulsione! - Impulsionar Carreiras\" \/>\n<meta property=\"og:description\" content=\"O mundo digital est\u00e1 a todo vapor e novidades surgem a todo momento. Aqui voc\u00ea encontra dicas para impulsionar suas redes sociais.\" \/>\n<meta property=\"og:url\" content=\"https:\/\/impulsionarcarreiras.com.br\/index.php\/marketing-digital\/redes-sociais-impulsione\/\" \/>\n<meta property=\"og:site_name\" content=\"Impulsionar Carreiras\" \/>\n<meta property=\"article:modified_time\" content=\"2023-08-22T00:44:43+00:00\" \/>\n<meta property=\"og:image\" content=\"https:\/\/impulsionarcarreiras.com.br\/wp-content\/uploads\/2023\/08\/redes-sociai.webp\" \/>\n<meta name=\"twitter:card\" content=\"summary_large_image\" \/>\n<meta name=\"twitter:label1\" content=\"Est. reading time\" \/>\n\t<meta name=\"twitter:data1\" content=\"3 minutes\" \/>\n<script type=\"application\/ld+json\" class=\"yoast-schema-graph\">{\"@context\":\"https:\/\/schema.org\",\"@graph\":[{\"@type\":\"WebPage\",\"@id\":\"https:\/\/impulsionarcarreiras.com.br\/index.php\/marketing-digital\/redes-sociais-impulsione\/\",\"url\":\"https:\/\/impulsionarcarreiras.com.br\/index.php\/marketing-digital\/redes-sociais-impulsione\/\",\"name\":\"Redes Sociais - Impulsione! - Impulsionar Carreiras\",\"isPartOf\":{\"@id\":\"https:\/\/impulsionarcarreiras.com.br\/#website\"},\"datePublished\":\"2023-08-20T00:04:39+00:00\",\"dateModified\":\"2023-08-22T00:44:43+00:00\",\"description\":\"O mundo digital est\u00e1 a todo vapor e novidades surgem a todo momento. Aqui voc\u00ea encontra dicas para impulsionar suas redes sociais.\",\"breadcrumb\":{\"@id\":\"https:\/\/impulsionarcarreiras.com.br\/index.php\/marketing-digital\/redes-sociais-impulsione\/#breadcrumb\"},\"inLanguage\":\"en-US\",\"potentialAction\":[{\"@type\":\"ReadAction\",\"target\":[\"https:\/\/impulsionarcarreiras.com.br\/index.php\/marketing-digital\/redes-sociais-impulsione\/\"]}]},{\"@type\":\"BreadcrumbList\",\"@id\":\"https:\/\/impulsionarcarreiras.com.br\/index.php\/marketing-digital\/redes-sociais-impulsione\/#breadcrumb\",\"itemListElement\":[{\"@type\":\"ListItem\",\"position\":1,\"name\":\"In\u00edcio\",\"item\":\"https:\/\/impulsionarcarreiras.com.br\/\"},{\"@type\":\"ListItem\",\"position\":2,\"name\":\"Marketing Digital\",\"item\":\"https:\/\/impulsionarcarreiras.com.br\/index.php\/marketing-digital\/\"},{\"@type\":\"ListItem\",\"position\":3,\"name\":\"Redes Sociais &#8211; Impulsione!\"}]},{\"@type\":\"WebSite\",\"@id\":\"https:\/\/impulsionarcarreiras.com.br\/#website\",\"url\":\"https:\/\/impulsionarcarreiras.com.br\/\",\"name\":\"Impulsionar Carreiras\",\"description\":\"\",\"potentialAction\":[{\"@type\":\"SearchAction\",\"target\":{\"@type\":\"EntryPoint\",\"urlTemplate\":\"https:\/\/impulsionarcarreiras.com.br\/?s={search_term_string}\"},\"query-input\":\"required name=search_term_string\"}],\"inLanguage\":\"en-US\"}]}<\/script>\n<!-- \/ Yoast SEO plugin. -->","yoast_head_json":{"title":"Redes Sociais - Impulsione! - Impulsionar Carreiras","description":"O mundo digital est\u00e1 a todo vapor e novidades surgem a todo momento. Aqui voc\u00ea encontra dicas para impulsionar suas redes sociais.","robots":{"index":"index","follow":"follow","max-snippet":"max-snippet:-1","max-image-preview":"max-image-preview:large","max-video-preview":"max-video-preview:-1"},"canonical":"https:\/\/impulsionarcarreiras.com.br\/index.php\/marketing-digital\/redes-sociais-impulsione\/","og_locale":"en_US","og_type":"article","og_title":"Redes Sociais - Impulsione! - Impulsionar Carreiras","og_description":"O mundo digital est\u00e1 a todo vapor e novidades surgem a todo momento. Aqui voc\u00ea encontra dicas para impulsionar suas redes sociais.","og_url":"https:\/\/impulsionarcarreiras.com.br\/index.php\/marketing-digital\/redes-sociais-impulsione\/","og_site_name":"Impulsionar Carreiras","article_modified_time":"2023-08-22T00:44:43+00:00","og_image":[{"url":"https:\/\/impulsionarcarreiras.com.br\/wp-content\/uploads\/2023\/08\/redes-sociai.webp"}],"twitter_card":"summary_large_image","twitter_misc":{"Est. reading time":"3 minutes"},"schema":{"@context":"https:\/\/schema.org","@graph":[{"@type":"WebPage","@id":"https:\/\/impulsionarcarreiras.com.br\/index.php\/marketing-digital\/redes-sociais-impulsione\/","url":"https:\/\/impulsionarcarreiras.com.br\/index.php\/marketing-digital\/redes-sociais-impulsione\/","name":"Redes Sociais - Impulsione! - Impulsionar Carreiras","isPartOf":{"@id":"https:\/\/impulsionarcarreiras.com.br\/#website"},"datePublished":"2023-08-20T00:04:39+00:00","dateModified":"2023-08-22T00:44:43+00:00","description":"O mundo digital est\u00e1 a todo vapor e novidades surgem a todo momento. Aqui voc\u00ea encontra dicas para impulsionar suas redes sociais.","breadcrumb":{"@id":"https:\/\/impulsionarcarreiras.com.br\/index.php\/marketing-digital\/redes-sociais-impulsione\/#breadcrumb"},"inLanguage":"en-US","potentialAction":[{"@type":"ReadAction","target":["https:\/\/impulsionarcarreiras.com.br\/index.php\/marketing-digital\/redes-sociais-impulsione\/"]}]},{"@type":"BreadcrumbList","@id":"https:\/\/impulsionarcarreiras.com.br\/index.php\/marketing-digital\/redes-sociais-impulsione\/#breadcrumb","itemListElement":[{"@type":"ListItem","position":1,"name":"In\u00edcio","item":"https:\/\/impulsionarcarreiras.com.br\/"},{"@type":"ListItem","position":2,"name":"Marketing Digital","item":"https:\/\/impulsionarcarreiras.com.br\/index.php\/marketing-digital\/"},{"@type":"ListItem","position":3,"name":"Redes Sociais &#8211; Impulsione!"}]},{"@type":"WebSite","@id":"https:\/\/impulsionarcarreiras.com.br\/#website","url":"https:\/\/impulsionarcarreiras.com.br\/","name":"Impulsionar Carreiras","description":"","potentialAction":[{"@type":"SearchAction","target":{"@type":"EntryPoint","urlTemplate":"https:\/\/impulsionarcarreiras.com.br\/?s={search_term_string}"},"query-input":"required name=search_term_string"}],"inLanguage":"en-US"}]}},"_links":{"self":[{"href":"https:\/\/impulsionarcarreiras.com.br\/index.php\/wp-json\/wp\/v2\/pages\/2137"}],"collection":[{"href":"https:\/\/impulsionarcarreiras.com.br\/index.php\/wp-json\/wp\/v2\/pages"}],"about":[{"href":"https:\/\/impulsionarcarreiras.com.br\/index.php\/wp-json\/wp\/v2\/types\/page"}],"author":[{"embeddable":true,"href":"https:\/\/impulsionarcarreiras.com.br\/index.php\/wp-json\/wp\/v2\/users\/1"}],"replies":[{"embeddable":true,"href":"https:\/\/impulsionarcarreiras.com.br\/index.php\/wp-json\/wp\/v2\/comments?post=2137"}],"version-history":[{"count":9,"href":"https:\/\/impulsionarcarreiras.com.br\/index.php\/wp-json\/wp\/v2\/pages\/2137\/revisions"}],"predecessor-version":[{"id":2199,"href":"https:\/\/impulsionarcarreiras.com.br\/index.php\/wp-json\/wp\/v2\/pages\/2137\/revisions\/2199"}],"up":[{"embeddable":true,"href":"https:\/\/impulsionarcarreiras.com.br\/index.php\/wp-json\/wp\/v2\/pages\/1886"}],"wp:attachment":[{"href":"https:\/\/impulsionarcarreiras.com.br\/index.php\/wp-json\/wp\/v2\/media?parent=2137"}],"curies":[{"name":"wp","href":"https:\/\/api.w.org\/{rel}","templated":true}]}}